{"id":7384,"date":"2023-01-14T08:07:58","date_gmt":"2023-01-14T08:07:58","guid":{"rendered":"https:\/\/omurilik.org.tr\/?page_id=7384"},"modified":"2023-01-14T09:02:41","modified_gmt":"2023-01-14T09:02:41","slug":"amac-ve-vizyon","status":"publish","type":"page","link":"https:\/\/omurilik.org.tr\/index.php\/kurumsal\/amac-ve-vizyon\/","title":{"rendered":"Ama\u00e7 ve Vizyon"},"content":{"rendered":"<h3>Ama\u00e7<\/h3>\n<ul>\n<li>Omurilik hastal\u0131klar\u0131n\u0131n nedenleri, prevansiyonu, temel ve klinik ara\u015ft\u0131rmalar\u0131, medikal ve cerrahi yakla\u015f\u0131m\u0131, klinik uygulamalar\u0131, e\u011fitimi ve sosyal reentegrasyonu ile ilgilenmek;<\/li>\n<li>Omurilik hastal\u0131klar\u0131 rehabilitasyonunu en \u00fcst d\u00fczeyde ger\u00e7ekle\u015ftirebilmek amac\u0131 ile di\u011fer ulusal ve uluslararas\u0131 kurum, kurulu\u015f ve derneklerle i\u015fbirli\u011fi yapmak;<\/li>\n<li>Omurilik hastal\u0131klar\u0131 rehabilitasyonu ile ilgilenenlerin \u00fclkemizde ve yurt d\u0131\u015f\u0131nda en iyi \u015fekilde temsil edilebilmeleri ve uzmanl\u0131klar\u0131n\u0131n t\u00fcm d\u00fcnyada ge\u00e7erli olmas\u0131 i\u00e7in her t\u00fcrl\u00fc bilimsel ve idari ili\u015fkileri kurmak, temsil etmek, desteklemek;<\/li>\n<li>Yay\u0131nlar, yaz\u0131\u015fmalar, ulusal ve uluslararas\u0131 seminerler, sempozyumlar, konferanslar arac\u0131l\u0131\u011f\u0131 ile \u00fcyeleri aras\u0131nda bilgi aktar\u0131m\u0131 sa\u011flamak;<br \/>\nOmurilik hastal\u0131klar\u0131 ile ili\u015fkili ara\u015ft\u0131rmalar koordine etmek ya da koordinasyonuna rehberlik etmek;<\/li>\n<li>Toplumdaki bireylerin bedensel, ruhsal ve sosyal sa\u011fl\u0131\u011f\u0131n\u0131 korumak veya tekrar kazand\u0131rmak amac\u0131yla bu alanda faaliyet g\u00f6steren t\u0131p doktoru, rehabilitasyon ve sa\u011fl\u0131k personelinin, \u00f6\u011frenim, e\u011fitim ve \u00e7al\u0131\u015fmalar\u0131na katk\u0131da bulunmak,<\/li>\n<li>Omurilik hastal\u0131klar\u0131 rehabilitasyonu ile ilgili faaliyetlerin; tan\u0131t\u0131m\u0131na, yayg\u0131nla\u015ft\u0131r\u0131lmas\u0131na ve uygulamas\u0131na katk\u0131 sa\u011flamak.<\/li>\n<\/ul>\n<h3>Misyon<\/h3>\n<p>Omurilik hastal\u0131klar\u0131;<\/p>\n<ul>\n<li>Tan\u0131, tedavi ve rehabilitasyonunun en \u00fcst d\u00fczeyde ger\u00e7ekle\u015ftirilebilmesi i\u00e7in gerekli bilimsel \u00e7al\u0131\u015fmalar\u0131 yapmak,<\/li>\n<li>Hastalar, sa\u011fl\u0131k \u00e7al\u0131\u015fanlar\u0131 ve topluma do\u011fru bilgilerin aktar\u0131lmas\u0131n\u0131 sa\u011flamak,<\/li>\n<li>Omurilik hastal\u0131klar\u0131nda rehabilitasyon ve bak\u0131m\u0131 ile ilgili t\u00fcm \u00e7al\u0131\u015fmalar\u0131 destekleyerek hasta ve hasta yak\u0131nlar\u0131n\u0131n ya\u015fam kalitesini art\u0131rmak,<\/li>\n<li>Konu ile ilgili ulusal ve uluslararas\u0131 kurulu\u015flar aras\u0131nda i\u015fbirli\u011fi sa\u011flamakt\u0131r.<\/li>\n<\/ul>\n","protected":false},"excerpt":{"rendered":"<p>Ama\u00e7 Omurilik hastal\u0131klar\u0131n\u0131n nedenleri, prevansiyonu, temel ve klinik ara\u015ft\u0131rmalar\u0131, medikal ve cerrahi yakla\u015f\u0131m\u0131, klinik uygulamalar\u0131, e\u011fitimi ve sosyal reentegrasyonu ile ilgilenmek; Omurilik hastal\u0131klar\u0131 rehabilitasyonunu en \u00fcst d\u00fczeyde ger\u00e7ekle\u015ftirebilmek amac\u0131 ile di\u011fer ulusal ve uluslararas\u0131 kurum, kurulu\u015f ve derneklerle i\u015fbirli\u011fi yapmak; Omurilik hastal\u0131klar\u0131 rehabilitasyonu ile ilgilenenlerin \u00fclkemizde ve yurt d\u0131\u015f\u0131nda en iyi \u015fekilde temsil edilebilmeleri ve [&hellip;]<\/p>\n","protected":false},"author":1,"featured_media":0,"parent":7382,"menu_order":0,"comment_status":"closed","ping_status":"closed","template":"","meta":{"footnotes":""},"class_list":["post-7384","page","type-page","status-publish","hentry"],"_links":{"self":[{"href":"https:\/\/omurilik.org.tr\/index.php\/wp-json\/wp\/v2\/pages\/7384","targetHints":{"allow":["GET"]}}],"collection":[{"href":"https:\/\/omurilik.org.tr\/index.php\/wp-json\/wp\/v2\/pages"}],"about":[{"href":"https:\/\/omurilik.org.tr\/index.php\/wp-json\/wp\/v2\/types\/page"}],"author":[{"embeddable":true,"href":"https:\/\/omurilik.org.tr\/index.php\/wp-json\/wp\/v2\/users\/1"}],"replies":[{"embeddable":true,"href":"https:\/\/omurilik.org.tr\/index.php\/wp-json\/wp\/v2\/comments?post=7384"}],"version-history":[{"count":2,"href":"https:\/\/omurilik.org.tr\/index.php\/wp-json\/wp\/v2\/pages\/7384\/revisions"}],"predecessor-version":[{"id":7466,"href":"https:\/\/omurilik.org.tr\/index.php\/wp-json\/wp\/v2\/pages\/7384\/revisions\/7466"}],"up":[{"embeddable":true,"href":"https:\/\/omurilik.org.tr\/index.php\/wp-json\/wp\/v2\/pages\/7382"}],"wp:attachment":[{"href":"https:\/\/omurilik.org.tr\/index.php\/wp-json\/wp\/v2\/media?parent=7384"}],"curies":[{"name":"wp","href":"https:\/\/api.w.org\/{rel}","templated":true}]}}